{"id":241150,"date":"2026-03-16T12:29:04","date_gmt":"2026-03-16T12:29:04","guid":{"rendered":"https:\/\/mindpark.se\/?post_type=tribe_events&#038;p=241150"},"modified":"2026-03-16T12:29:04","modified_gmt":"2026-03-16T12:29:04","slug":"bokadero-x-molndal-bandy-molndal","status":"publish","type":"tribe_events","link":"https:\/\/mindpark.se\/en\/event\/bokadero-x-molndal-bandy-molndal\/","title":{"rendered":"Bokadero x M\u00f6lndal Bandy &#8211; M\u00f6lndal"},"content":{"rendered":"<p><b>Arrang\u00f6r:\u00a0<\/b>Bokadero<br \/>\n<strong>\u00d6ppet f\u00f6r:<\/strong>\u00a0alla<br \/>\n<strong>Anm\u00e4lan:\u00a0<\/strong><a href=\"https:\/\/arena.bokadero.se\/event\/natverksfrukost-leda-bast-molndal\">here<\/a><\/p>\n<h3 class=\"font-display text-xl md:text-2xl font-bold text-foreground mb-6\">Leda bra eller leda b\u00e4st<\/h3>\n<p>N\u00e4tverksfrukost med Peppe Ekmark som f\u00f6rel\u00e4ser om skillnaden mellan att leda bra och att leda b\u00e4st. En inspirerande morgon med fokus p\u00e5 ledarskap, motivation och hur man skapar arbetsgl\u00e4dje och resultat.<\/p>","protected":false},"excerpt":{"rendered":"<p>Arrang\u00f6r:\u00a0Bokadero \u00d6ppet f\u00f6r:\u00a0alla Anm\u00e4lan:\u00a0h\u00e4r Leda bra eller leda b\u00e4st N\u00e4tverksfrukost med Peppe Ekmark som f\u00f6rel\u00e4ser om skillnaden mellan att leda bra och att leda b\u00e4st. En inspirerande morgon med fokus [&hellip;]<\/p>\n","protected":false},"author":30,"featured_media":241151,"template":"","meta":{"_et_pb_use_builder":"","_et_pb_old_content":"","_et_gb_content_width":"","_tribe_events_status":"","_tribe_events_status_reason":"","footnotes":""},"tags":[],"tribe_events_cat":[],"class_list":["post-241150","tribe_events","type-tribe_events","status-publish","has-post-thumbnail","hentry"],"yoast_head":"<!-- This site is optimized with the Yoast SEO plugin v27.5 - https:\/\/yoast.com\/product\/yoast-seo-wordpress\/ -->\n<title>Bokadero x M\u00f6lndal Bandy - M\u00f6lndal - Mindpark<\/title>\n<meta name=\"robots\" content=\"index, follow, max-snippet:-1, max-image-preview:large, max-video-preview:-1\" \/>\n<link rel=\"canonical\" href=\"https:\/\/mindpark.se\/en\/event\/bokadero-x-molndal-bandy-molndal\/\" \/>\n<meta property=\"og:locale\" content=\"en_US\" \/>\n<meta property=\"og:type\" content=\"article\" \/>\n<meta property=\"og:title\" content=\"Bokadero x M\u00f6lndal Bandy - M\u00f6lndal - Mindpark\" \/>\n<meta property=\"og:description\" content=\"Arrang\u00f6r:\u00a0Bokadero \u00d6ppet f\u00f6r:\u00a0alla Anm\u00e4lan:\u00a0h\u00e4r Leda bra eller leda b\u00e4st N\u00e4tverksfrukost med Peppe Ekmark som f\u00f6rel\u00e4ser om skillnaden mellan att leda bra och att leda b\u00e4st. En inspirerande morgon med fokus [&hellip;]\" \/>\n<meta property=\"og:url\" content=\"https:\/\/mindpark.se\/en\/event\/bokadero-x-molndal-bandy-molndal\/\" \/>\n<meta property=\"og:site_name\" content=\"Mindpark\" \/>\n<meta property=\"og:image\" content=\"https:\/\/mindpark.se\/wp-content\/uploads\/2026\/03\/Skarmavbild-2026-03-16-kl.-13.28.40.png\" \/>\n\t<meta property=\"og:image:width\" content=\"858\" \/>\n\t<meta property=\"og:image:height\" content=\"478\" \/>\n\t<meta property=\"og:image:type\" content=\"image\/png\" \/>\n<meta name=\"twitter:card\" content=\"summary_large_image\" \/>\n<meta name=\"twitter:label1\" content=\"Est. reading time\" \/>\n\t<meta name=\"twitter:data1\" content=\"1 minute\" \/>\n<script type=\"application\/ld+json\" class=\"yoast-schema-graph\">{\"@context\":\"https:\\\/\\\/schema.org\",\"@graph\":[{\"@type\":\"WebPage\",\"@id\":\"https:\\\/\\\/mindpark.se\\\/event\\\/bokadero-x-molndal-bandy-molndal\\\/\",\"url\":\"https:\\\/\\\/mindpark.se\\\/event\\\/bokadero-x-molndal-bandy-molndal\\\/\",\"name\":\"Bokadero x M\u00f6lndal Bandy - M\u00f6lndal - Mindpark\",\"isPartOf\":{\"@id\":\"https:\\\/\\\/mindpark.se\\\/#website\"},\"primaryImageOfPage\":{\"@id\":\"https:\\\/\\\/mindpark.se\\\/event\\\/bokadero-x-molndal-bandy-molndal\\\/#primaryimage\"},\"image\":{\"@id\":\"https:\\\/\\\/mindpark.se\\\/event\\\/bokadero-x-molndal-bandy-molndal\\\/#primaryimage\"},\"thumbnailUrl\":\"https:\\\/\\\/mindpark.se\\\/wp-content\\\/uploads\\\/2026\\\/03\\\/Skarmavbild-2026-03-16-kl.-13.28.40.png\",\"datePublished\":\"2026-03-16T12:29:04+00:00\",\"breadcrumb\":{\"@id\":\"https:\\\/\\\/mindpark.se\\\/event\\\/bokadero-x-molndal-bandy-molndal\\\/#breadcrumb\"},\"inLanguage\":\"en-US\",\"potentialAction\":[{\"@type\":\"ReadAction\",\"target\":[\"https:\\\/\\\/mindpark.se\\\/event\\\/bokadero-x-molndal-bandy-molndal\\\/\"]}]},{\"@type\":\"ImageObject\",\"inLanguage\":\"en-US\",\"@id\":\"https:\\\/\\\/mindpark.se\\\/event\\\/bokadero-x-molndal-bandy-molndal\\\/#primaryimage\",\"url\":\"https:\\\/\\\/mindpark.se\\\/wp-content\\\/uploads\\\/2026\\\/03\\\/Skarmavbild-2026-03-16-kl.-13.28.40.png\",\"contentUrl\":\"https:\\\/\\\/mindpark.se\\\/wp-content\\\/uploads\\\/2026\\\/03\\\/Skarmavbild-2026-03-16-kl.-13.28.40.png\",\"width\":858,\"height\":478},{\"@type\":\"BreadcrumbList\",\"@id\":\"https:\\\/\\\/mindpark.se\\\/event\\\/bokadero-x-molndal-bandy-molndal\\\/#breadcrumb\",\"itemListElement\":[{\"@type\":\"ListItem\",\"position\":1,\"name\":\"Home\",\"item\":\"https:\\\/\\\/mindpark.se\\\/\"},{\"@type\":\"ListItem\",\"position\":2,\"name\":\"Events\",\"item\":\"https:\\\/\\\/mindpark.se\\\/en\\\/events\\\/\"},{\"@type\":\"ListItem\",\"position\":3,\"name\":\"Bokadero x M\u00f6lndal Bandy &#8211; M\u00f6lndal\"}]},{\"@type\":\"WebSite\",\"@id\":\"https:\\\/\\\/mindpark.se\\\/#website\",\"url\":\"https:\\\/\\\/mindpark.se\\\/\",\"name\":\"Mindpark\",\"description\":\"\",\"potentialAction\":[{\"@type\":\"SearchAction\",\"target\":{\"@type\":\"EntryPoint\",\"urlTemplate\":\"https:\\\/\\\/mindpark.se\\\/?s={search_term_string}\"},\"query-input\":{\"@type\":\"PropertyValueSpecification\",\"valueRequired\":true,\"valueName\":\"search_term_string\"}}],\"inLanguage\":\"en-US\"}]}<\/script>\n<!-- \/ Yoast SEO plugin. -->","yoast_head_json":{"title":"Bokadero x M\u00f6lndal Bandy - M\u00f6lndal - Mindpark","robots":{"index":"index","follow":"follow","max-snippet":"max-snippet:-1","max-image-preview":"max-image-preview:large","max-video-preview":"max-video-preview:-1"},"canonical":"https:\/\/mindpark.se\/en\/event\/bokadero-x-molndal-bandy-molndal\/","og_locale":"en_US","og_type":"article","og_title":"Bokadero x M\u00f6lndal Bandy - M\u00f6lndal - Mindpark","og_description":"Arrang\u00f6r:\u00a0Bokadero \u00d6ppet f\u00f6r:\u00a0alla Anm\u00e4lan:\u00a0h\u00e4r Leda bra eller leda b\u00e4st N\u00e4tverksfrukost med Peppe Ekmark som f\u00f6rel\u00e4ser om skillnaden mellan att leda bra och att leda b\u00e4st. En inspirerande morgon med fokus [&hellip;]","og_url":"https:\/\/mindpark.se\/en\/event\/bokadero-x-molndal-bandy-molndal\/","og_site_name":"Mindpark","og_image":[{"width":858,"height":478,"url":"https:\/\/mindpark.se\/wp-content\/uploads\/2026\/03\/Skarmavbild-2026-03-16-kl.-13.28.40.png","type":"image\/png"}],"twitter_card":"summary_large_image","twitter_misc":{"Est. reading time":"1 minute"},"schema":{"@context":"https:\/\/schema.org","@graph":[{"@type":"WebPage","@id":"https:\/\/mindpark.se\/event\/bokadero-x-molndal-bandy-molndal\/","url":"https:\/\/mindpark.se\/event\/bokadero-x-molndal-bandy-molndal\/","name":"Bokadero x M\u00f6lndal Bandy - M\u00f6lndal - Mindpark","isPartOf":{"@id":"https:\/\/mindpark.se\/#website"},"primaryImageOfPage":{"@id":"https:\/\/mindpark.se\/event\/bokadero-x-molndal-bandy-molndal\/#primaryimage"},"image":{"@id":"https:\/\/mindpark.se\/event\/bokadero-x-molndal-bandy-molndal\/#primaryimage"},"thumbnailUrl":"https:\/\/mindpark.se\/wp-content\/uploads\/2026\/03\/Skarmavbild-2026-03-16-kl.-13.28.40.png","datePublished":"2026-03-16T12:29:04+00:00","breadcrumb":{"@id":"https:\/\/mindpark.se\/event\/bokadero-x-molndal-bandy-molndal\/#breadcrumb"},"inLanguage":"en-US","potentialAction":[{"@type":"ReadAction","target":["https:\/\/mindpark.se\/event\/bokadero-x-molndal-bandy-molndal\/"]}]},{"@type":"ImageObject","inLanguage":"en-US","@id":"https:\/\/mindpark.se\/event\/bokadero-x-molndal-bandy-molndal\/#primaryimage","url":"https:\/\/mindpark.se\/wp-content\/uploads\/2026\/03\/Skarmavbild-2026-03-16-kl.-13.28.40.png","contentUrl":"https:\/\/mindpark.se\/wp-content\/uploads\/2026\/03\/Skarmavbild-2026-03-16-kl.-13.28.40.png","width":858,"height":478},{"@type":"BreadcrumbList","@id":"https:\/\/mindpark.se\/event\/bokadero-x-molndal-bandy-molndal\/#breadcrumb","itemListElement":[{"@type":"ListItem","position":1,"name":"Home","item":"https:\/\/mindpark.se\/"},{"@type":"ListItem","position":2,"name":"Events","item":"https:\/\/mindpark.se\/en\/events\/"},{"@type":"ListItem","position":3,"name":"Bokadero x M\u00f6lndal Bandy &#8211; M\u00f6lndal"}]},{"@type":"WebSite","@id":"https:\/\/mindpark.se\/#website","url":"https:\/\/mindpark.se\/","name":"Mindpark","description":"","potentialAction":[{"@type":"SearchAction","target":{"@type":"EntryPoint","urlTemplate":"https:\/\/mindpark.se\/?s={search_term_string}"},"query-input":{"@type":"PropertyValueSpecification","valueRequired":true,"valueName":"search_term_string"}}],"inLanguage":"en-US"}]}},"_links":{"self":[{"href":"https:\/\/mindpark.se\/en\/wp-json\/wp\/v2\/tribe_events\/241150","targetHints":{"allow":["GET"]}}],"collection":[{"href":"https:\/\/mindpark.se\/en\/wp-json\/wp\/v2\/tribe_events"}],"about":[{"href":"https:\/\/mindpark.se\/en\/wp-json\/wp\/v2\/types\/tribe_events"}],"author":[{"embeddable":true,"href":"https:\/\/mindpark.se\/en\/wp-json\/wp\/v2\/users\/30"}],"version-history":[{"count":1,"href":"https:\/\/mindpark.se\/en\/wp-json\/wp\/v2\/tribe_events\/241150\/revisions"}],"predecessor-version":[{"id":241152,"href":"https:\/\/mindpark.se\/en\/wp-json\/wp\/v2\/tribe_events\/241150\/revisions\/241152"}],"wp:featuredmedia":[{"embeddable":true,"href":"https:\/\/mindpark.se\/en\/wp-json\/wp\/v2\/media\/241151"}],"wp:attachment":[{"href":"https:\/\/mindpark.se\/en\/wp-json\/wp\/v2\/media?parent=241150"}],"wp:term":[{"taxonomy":"post_tag","embeddable":true,"href":"https:\/\/mindpark.se\/en\/wp-json\/wp\/v2\/tags?post=241150"},{"taxonomy":"tribe_events_cat","embeddable":true,"href":"https:\/\/mindpark.se\/en\/wp-json\/wp\/v2\/tribe_events_cat?post=241150"}],"curies":[{"name":"wp","href":"https:\/\/api.w.org\/{rel}","templated":true}]}}