{"id":239033,"date":"2025-09-03T09:17:01","date_gmt":"2025-09-03T09:17:01","guid":{"rendered":"https:\/\/mindpark.se\/?post_type=tribe_events&#038;p=239033"},"modified":"2025-09-03T09:29:43","modified_gmt":"2025-09-03T09:29:43","slug":"thehub-kick-off-goteborg-jarntorget","status":"publish","type":"tribe_events","link":"https:\/\/mindpark.se\/en\/event\/thehub-kick-off-goteborg-jarntorget\/","title":{"rendered":"THEHUB Kick off &#8211; G\u00f6teborg J\u00e4rntorget"},"content":{"rendered":"<p><b>Arrang\u00f6r:\u00a0<\/b><a href=\"https:\/\/www.thehub.info\/\">THEHUB<\/a> &amp; Mindpark<br \/>\n<strong>\u00d6ppet f\u00f6r: <\/strong>Mindpark coworkers och medlemmar av THEHUB<br \/>\n<strong>Spr\u00e5k:<\/strong>\u00a0svenska<br \/>\n<strong>Kostnad:<\/strong>\u00a0free<br \/>\n<strong>Anm\u00e4lan: <\/strong>OSA senast den\u00a018\/9 genom att anm\u00e4la dig i THEHUB-appen. \u00c4r du coworker p\u00e5 Mindpark kan du anm\u00e4la dig i receptionen.<\/p>\n<p>Varmt v\u00e4lkomna till en\u00a0upptaktstr\u00e4ff d\u00e4r vi v\u00e4lkomnar alla nya fantastiska THEHUB Partners, g\u00e5r igenom \u00e5rets uppl\u00e4gg, THEHUB Partner Appen och har en givande f\u00f6rmiddag tillsammans.<\/p>\n<p>F\u00f6rsta tr\u00e4ffen \u00e4r det perfekta tillf\u00e4llet f\u00f6r att starta upp nya som gamla relationer och vi ser fram emot att dela med oss av \u00e5rets nyheter och andra trevligheter som kommer bidra till ett effektivt n\u00e4tverks\u00e5r tillsammans.<\/p>\n<p><strong>Agenda:<\/strong><\/p>\n<ul>\n<li>08:00-08:30 Frukostmingel<\/li>\n<li>08:30-09:00 N\u00e4tverks\u00e5ret 2025, THEHUB Appen, nyheter + fr\u00e5gestund<\/li>\n<li>09:00-09:15 Emma Agardsson, Mindpark<\/li>\n<li>09:15-10:00 Presentationsrunda + f\u00f6rv\u00e4ntningar inf\u00f6r s\u00e4songen<\/li>\n<li>10:00-11:00 Fortsatt mingel och ev n\u00e4tverksaktiviteter<\/li>\n<\/ul>\n<p>THEHUB-medlemmar \u00e4r sedan v\u00e4lkomna att forts\u00e4tta arbetsdagen hos oss p\u00e5 Mindpark!<\/p>","protected":false},"excerpt":{"rendered":"<p>Arrang\u00f6r:\u00a0THEHUB &amp; Mindpark \u00d6ppet f\u00f6r: Mindpark coworkers och medlemmar av THEHUB Spr\u00e5k:\u00a0svenska Kostnad:\u00a0gratis Anm\u00e4lan: OSA senast den\u00a018\/9 genom att anm\u00e4la dig i THEHUB-appen. \u00c4r du coworker p\u00e5 Mindpark kan du [&hellip;]<\/p>\n","protected":false},"author":30,"featured_media":239035,"template":"","meta":{"_et_pb_use_builder":"","_et_pb_old_content":"","_et_gb_content_width":"","_tribe_events_status":"","_tribe_events_status_reason":"","footnotes":""},"tags":[],"tribe_events_cat":[],"class_list":["post-239033","tribe_events","type-tribe_events","status-publish","has-post-thumbnail","hentry"],"yoast_head":"<!-- This site is optimized with the Yoast SEO plugin v27.5 - https:\/\/yoast.com\/product\/yoast-seo-wordpress\/ -->\n<title>THEHUB Kick off - G\u00f6teborg J\u00e4rntorget - Mindpark<\/title>\n<meta name=\"robots\" content=\"index, follow, max-snippet:-1, max-image-preview:large, max-video-preview:-1\" \/>\n<link rel=\"canonical\" href=\"https:\/\/mindpark.se\/en\/event\/thehub-kick-off-goteborg-jarntorget\/\" \/>\n<meta property=\"og:locale\" content=\"en_US\" \/>\n<meta property=\"og:type\" content=\"article\" \/>\n<meta property=\"og:title\" content=\"THEHUB Kick off - G\u00f6teborg J\u00e4rntorget - Mindpark\" \/>\n<meta property=\"og:description\" content=\"Arrang\u00f6r:\u00a0THEHUB &amp; Mindpark \u00d6ppet f\u00f6r: Mindpark coworkers och medlemmar av THEHUB Spr\u00e5k:\u00a0svenska Kostnad:\u00a0gratis Anm\u00e4lan: OSA senast den\u00a018\/9 genom att anm\u00e4la dig i THEHUB-appen. \u00c4r du coworker p\u00e5 Mindpark kan du [&hellip;]\" \/>\n<meta property=\"og:url\" content=\"https:\/\/mindpark.se\/en\/event\/thehub-kick-off-goteborg-jarntorget\/\" \/>\n<meta property=\"og:site_name\" content=\"Mindpark\" \/>\n<meta property=\"article:modified_time\" content=\"2025-09-03T09:29:43+00:00\" \/>\n<meta property=\"og:image\" content=\"https:\/\/mindpark.se\/wp-content\/uploads\/2025\/09\/Eventhero_thehub.jpg\" \/>\n\t<meta property=\"og:image:width\" content=\"500\" \/>\n\t<meta property=\"og:image:height\" content=\"350\" \/>\n\t<meta property=\"og:image:type\" content=\"image\/jpeg\" \/>\n<meta name=\"twitter:card\" content=\"summary_large_image\" \/>\n<meta name=\"twitter:label1\" content=\"Est. reading time\" \/>\n\t<meta name=\"twitter:data1\" content=\"1 minute\" \/>\n<script type=\"application\/ld+json\" class=\"yoast-schema-graph\">{\"@context\":\"https:\\\/\\\/schema.org\",\"@graph\":[{\"@type\":\"WebPage\",\"@id\":\"https:\\\/\\\/mindpark.se\\\/event\\\/thehub-kick-off-goteborg-jarntorget\\\/\",\"url\":\"https:\\\/\\\/mindpark.se\\\/event\\\/thehub-kick-off-goteborg-jarntorget\\\/\",\"name\":\"THEHUB Kick off - G\u00f6teborg J\u00e4rntorget - Mindpark\",\"isPartOf\":{\"@id\":\"https:\\\/\\\/mindpark.se\\\/#website\"},\"primaryImageOfPage\":{\"@id\":\"https:\\\/\\\/mindpark.se\\\/event\\\/thehub-kick-off-goteborg-jarntorget\\\/#primaryimage\"},\"image\":{\"@id\":\"https:\\\/\\\/mindpark.se\\\/event\\\/thehub-kick-off-goteborg-jarntorget\\\/#primaryimage\"},\"thumbnailUrl\":\"https:\\\/\\\/mindpark.se\\\/wp-content\\\/uploads\\\/2025\\\/09\\\/Eventhero_thehub.jpg\",\"datePublished\":\"2025-09-03T09:17:01+00:00\",\"dateModified\":\"2025-09-03T09:29:43+00:00\",\"breadcrumb\":{\"@id\":\"https:\\\/\\\/mindpark.se\\\/event\\\/thehub-kick-off-goteborg-jarntorget\\\/#breadcrumb\"},\"inLanguage\":\"en-US\",\"potentialAction\":[{\"@type\":\"ReadAction\",\"target\":[\"https:\\\/\\\/mindpark.se\\\/event\\\/thehub-kick-off-goteborg-jarntorget\\\/\"]}]},{\"@type\":\"ImageObject\",\"inLanguage\":\"en-US\",\"@id\":\"https:\\\/\\\/mindpark.se\\\/event\\\/thehub-kick-off-goteborg-jarntorget\\\/#primaryimage\",\"url\":\"https:\\\/\\\/mindpark.se\\\/wp-content\\\/uploads\\\/2025\\\/09\\\/Eventhero_thehub.jpg\",\"contentUrl\":\"https:\\\/\\\/mindpark.se\\\/wp-content\\\/uploads\\\/2025\\\/09\\\/Eventhero_thehub.jpg\",\"width\":500,\"height\":350},{\"@type\":\"BreadcrumbList\",\"@id\":\"https:\\\/\\\/mindpark.se\\\/event\\\/thehub-kick-off-goteborg-jarntorget\\\/#breadcrumb\",\"itemListElement\":[{\"@type\":\"ListItem\",\"position\":1,\"name\":\"Home\",\"item\":\"https:\\\/\\\/mindpark.se\\\/\"},{\"@type\":\"ListItem\",\"position\":2,\"name\":\"Events\",\"item\":\"https:\\\/\\\/mindpark.se\\\/en\\\/events\\\/\"},{\"@type\":\"ListItem\",\"position\":3,\"name\":\"THEHUB Kick off &#8211; G\u00f6teborg J\u00e4rntorget\"}]},{\"@type\":\"WebSite\",\"@id\":\"https:\\\/\\\/mindpark.se\\\/#website\",\"url\":\"https:\\\/\\\/mindpark.se\\\/\",\"name\":\"Mindpark\",\"description\":\"\",\"potentialAction\":[{\"@type\":\"SearchAction\",\"target\":{\"@type\":\"EntryPoint\",\"urlTemplate\":\"https:\\\/\\\/mindpark.se\\\/?s={search_term_string}\"},\"query-input\":{\"@type\":\"PropertyValueSpecification\",\"valueRequired\":true,\"valueName\":\"search_term_string\"}}],\"inLanguage\":\"en-US\"}]}<\/script>\n<!-- \/ Yoast SEO plugin. -->","yoast_head_json":{"title":"THEHUB Kick off - G\u00f6teborg J\u00e4rntorget - Mindpark","robots":{"index":"index","follow":"follow","max-snippet":"max-snippet:-1","max-image-preview":"max-image-preview:large","max-video-preview":"max-video-preview:-1"},"canonical":"https:\/\/mindpark.se\/en\/event\/thehub-kick-off-goteborg-jarntorget\/","og_locale":"en_US","og_type":"article","og_title":"THEHUB Kick off - G\u00f6teborg J\u00e4rntorget - Mindpark","og_description":"Arrang\u00f6r:\u00a0THEHUB &amp; Mindpark \u00d6ppet f\u00f6r: Mindpark coworkers och medlemmar av THEHUB Spr\u00e5k:\u00a0svenska Kostnad:\u00a0gratis Anm\u00e4lan: OSA senast den\u00a018\/9 genom att anm\u00e4la dig i THEHUB-appen. \u00c4r du coworker p\u00e5 Mindpark kan du [&hellip;]","og_url":"https:\/\/mindpark.se\/en\/event\/thehub-kick-off-goteborg-jarntorget\/","og_site_name":"Mindpark","article_modified_time":"2025-09-03T09:29:43+00:00","og_image":[{"width":500,"height":350,"url":"https:\/\/mindpark.se\/wp-content\/uploads\/2025\/09\/Eventhero_thehub.jpg","type":"image\/jpeg"}],"twitter_card":"summary_large_image","twitter_misc":{"Est. reading time":"1 minute"},"schema":{"@context":"https:\/\/schema.org","@graph":[{"@type":"WebPage","@id":"https:\/\/mindpark.se\/event\/thehub-kick-off-goteborg-jarntorget\/","url":"https:\/\/mindpark.se\/event\/thehub-kick-off-goteborg-jarntorget\/","name":"THEHUB Kick off - G\u00f6teborg J\u00e4rntorget - Mindpark","isPartOf":{"@id":"https:\/\/mindpark.se\/#website"},"primaryImageOfPage":{"@id":"https:\/\/mindpark.se\/event\/thehub-kick-off-goteborg-jarntorget\/#primaryimage"},"image":{"@id":"https:\/\/mindpark.se\/event\/thehub-kick-off-goteborg-jarntorget\/#primaryimage"},"thumbnailUrl":"https:\/\/mindpark.se\/wp-content\/uploads\/2025\/09\/Eventhero_thehub.jpg","datePublished":"2025-09-03T09:17:01+00:00","dateModified":"2025-09-03T09:29:43+00:00","breadcrumb":{"@id":"https:\/\/mindpark.se\/event\/thehub-kick-off-goteborg-jarntorget\/#breadcrumb"},"inLanguage":"en-US","potentialAction":[{"@type":"ReadAction","target":["https:\/\/mindpark.se\/event\/thehub-kick-off-goteborg-jarntorget\/"]}]},{"@type":"ImageObject","inLanguage":"en-US","@id":"https:\/\/mindpark.se\/event\/thehub-kick-off-goteborg-jarntorget\/#primaryimage","url":"https:\/\/mindpark.se\/wp-content\/uploads\/2025\/09\/Eventhero_thehub.jpg","contentUrl":"https:\/\/mindpark.se\/wp-content\/uploads\/2025\/09\/Eventhero_thehub.jpg","width":500,"height":350},{"@type":"BreadcrumbList","@id":"https:\/\/mindpark.se\/event\/thehub-kick-off-goteborg-jarntorget\/#breadcrumb","itemListElement":[{"@type":"ListItem","position":1,"name":"Home","item":"https:\/\/mindpark.se\/"},{"@type":"ListItem","position":2,"name":"Events","item":"https:\/\/mindpark.se\/en\/events\/"},{"@type":"ListItem","position":3,"name":"THEHUB Kick off &#8211; G\u00f6teborg J\u00e4rntorget"}]},{"@type":"WebSite","@id":"https:\/\/mindpark.se\/#website","url":"https:\/\/mindpark.se\/","name":"Mindpark","description":"","potentialAction":[{"@type":"SearchAction","target":{"@type":"EntryPoint","urlTemplate":"https:\/\/mindpark.se\/?s={search_term_string}"},"query-input":{"@type":"PropertyValueSpecification","valueRequired":true,"valueName":"search_term_string"}}],"inLanguage":"en-US"}]}},"_links":{"self":[{"href":"https:\/\/mindpark.se\/en\/wp-json\/wp\/v2\/tribe_events\/239033","targetHints":{"allow":["GET"]}}],"collection":[{"href":"https:\/\/mindpark.se\/en\/wp-json\/wp\/v2\/tribe_events"}],"about":[{"href":"https:\/\/mindpark.se\/en\/wp-json\/wp\/v2\/types\/tribe_events"}],"author":[{"embeddable":true,"href":"https:\/\/mindpark.se\/en\/wp-json\/wp\/v2\/users\/30"}],"version-history":[{"count":4,"href":"https:\/\/mindpark.se\/en\/wp-json\/wp\/v2\/tribe_events\/239033\/revisions"}],"predecessor-version":[{"id":239039,"href":"https:\/\/mindpark.se\/en\/wp-json\/wp\/v2\/tribe_events\/239033\/revisions\/239039"}],"wp:featuredmedia":[{"embeddable":true,"href":"https:\/\/mindpark.se\/en\/wp-json\/wp\/v2\/media\/239035"}],"wp:attachment":[{"href":"https:\/\/mindpark.se\/en\/wp-json\/wp\/v2\/media?parent=239033"}],"wp:term":[{"taxonomy":"post_tag","embeddable":true,"href":"https:\/\/mindpark.se\/en\/wp-json\/wp\/v2\/tags?post=239033"},{"taxonomy":"tribe_events_cat","embeddable":true,"href":"https:\/\/mindpark.se\/en\/wp-json\/wp\/v2\/tribe_events_cat?post=239033"}],"curies":[{"name":"wp","href":"https:\/\/api.w.org\/{rel}","templated":true}]}}