{"id":234307,"date":"2024-01-30T10:19:56","date_gmt":"2024-01-30T10:19:56","guid":{"rendered":"https:\/\/mindpark.se\/?page_id=234307"},"modified":"2024-02-02T09:44:29","modified_gmt":"2024-02-02T09:44:29","slug":"da-konference","status":"publish","type":"page","link":"https:\/\/mindpark.se\/en\/da-konference\/","title":{"rendered":"Mindpark Konference"},"content":{"rendered":"<p>[et_pb_section fb_built=&#8221;1&#8243; fullwidth=&#8221;on&#8221; _builder_version=&#8221;4.20.4&#8243; _module_preset=&#8221;default&#8221; global_colors_info=&#8221;{}&#8221;][et_pb_fullwidth_header title=&#8221;Konference&#8221; subhead=&#8221;Book din n\u00e6ste konference p\u00e5 Mindpark i Malm\u00f8 eller Helsingborg&#8221; _builder_version=&#8221;4.24.0&#8243; _module_preset=&#8221;default&#8221; title_font=&#8221;Montserrat||||||||&#8221; title_font_size=&#8221;78px&#8221; subhead_font=&#8221;Montserrat|||on|||||&#8221; subhead_font_size=&#8221;17px&#8221; background_enable_color=&#8221;off&#8221; use_background_color_gradient=&#8221;on&#8221; background_color_gradient_stops=&#8221;rgba(0,0,0,0.5) 0%|rgba(0,0,0,0.71) 100%&#8221; background_color_gradient_overlays_image=&#8221;on&#8221; background_color_gradient_start=&#8221;rgba(0,0,0,0.5)&#8221; background_color_gradient_end=&#8221;rgba(0,0,0,0.71)&#8221; background_image=&#8221;https:\/\/mindpark.se\/wp-content\/uploads\/2023\/08\/8.jpg&#8221; title_font_size_tablet=&#8221;78px&#8221; title_font_size_phone=&#8221;45px&#8221; title_font_size_last_edited=&#8221;on|desktop&#8221; global_colors_info=&#8221;{}&#8221;][\/et_pb_fullwidth_header][\/et_pb_section][et_pb_section fb_built=&#8221;1&#8243; custom_padding_last_edited=&#8221;on|phone&#8221; disabled_on=&#8221;off|off|off&#8221; _builder_version=&#8221;4.20.2&#8243; background_color=&#8221;#FFFFFF&#8221; custom_padding=&#8221;71px||60px|||&#8221; custom_padding_tablet=&#8221;90px||90px|||&#8221; custom_padding_phone=&#8221;0px||0px||false|false&#8221; global_colors_info=&#8221;{}&#8221;][et_pb_row _builder_version=&#8221;4.20.2&#8243; _module_preset=&#8221;default&#8221; custom_padding=&#8221;||9px|||&#8221; global_colors_info=&#8221;{}&#8221;][et_pb_column type=&#8221;4_4&#8243; _builder_version=&#8221;4.20.2&#8243; _module_preset=&#8221;default&#8221; global_colors_info=&#8221;{}&#8221;][et_pb_text _builder_version=&#8221;4.24.0&#8243; text_font=&#8221;Montserrat|600|||||||&#8221; text_text_color=&#8221;#111111&#8243; text_font_size=&#8221;40px&#8221; text_letter_spacing=&#8221;-1px&#8221; text_line_height=&#8221;1em&#8221; header_font=&#8221;Rajdhani||||||||&#8221; header_text_color=&#8221;#323232&#8243; header_2_font=&#8221;Montserrat|600|||||||&#8221; header_2_text_color=&#8221;#323232&#8243; header_2_font_size=&#8221;32px&#8221; header_2_line_height=&#8221;0.9em&#8221; text_orientation=&#8221;center&#8221; custom_margin=&#8221;||9px|||&#8221; custom_margin_tablet=&#8221;||9px|||&#8221; custom_margin_phone=&#8221;60px||||false|false&#8221; custom_margin_last_edited=&#8221;on|phone&#8221; text_font_size_tablet=&#8221;30px&#8221; text_font_size_phone=&#8221;29px&#8221; text_font_size_last_edited=&#8221;on|phone&#8221; text_line_height_tablet=&#8221;1em&#8221; text_line_height_phone=&#8221;1.1em&#8221; text_line_height_last_edited=&#8221;on|phone&#8221; header_2_font_size_tablet=&#8221;32px&#8221; header_2_font_size_phone=&#8221;30px&#8221; header_2_font_size_last_edited=&#8221;on|phone&#8221; global_colors_info=&#8221;{}&#8221;]<\/p>\n<h2><span>Konferencelokaler i Sverige<\/span><\/h2>\n<p>[\/et_pb_text][et_pb_text _builder_version=&#8221;4.24.0&#8243; text_font=&#8221;Montserrat||||||||&#8221; text_text_color=&#8221;#888888&#8243; text_font_size=&#8221;15px&#8221; text_line_height=&#8221;2em&#8221; text_orientation=&#8221;center&#8221; width=&#8221;100%&#8221; custom_margin=&#8221;3px||||false|false&#8221; custom_margin_tablet=&#8221;-10px||||false|false&#8221; custom_margin_phone=&#8221;-10px||||false|false&#8221; custom_margin_last_edited=&#8221;on|phone&#8221; hover_enabled=&#8221;0&#8243; global_colors_info=&#8221;{}&#8221; sticky_enabled=&#8221;0&#8243;]<\/p>\n<p><span>Forskellige m\u00f8de- og konferencelokaler centralt i Sk\u00e5ne, n\u00e6r K\u00f8benhavn og Helsing\u00f8r. Vi tilbyder konferencelokaler i den aktive bydel Hyllie i Malm\u00f8, t\u00e6t p\u00e5 Emporia og \u00d8resundsbroen. Mindpark Helsingborg ligger t\u00e6t p\u00e5 f\u00e6rgen mellem Helsing\u00f8r og Helsingborg (\u00d8resundslinjen). B\u00e5de i Helsingborg og i Malm\u00f8 Hyllie kan vi byde grupper p\u00e5 op til 80 personer velkommen. Det er ogs\u00e5 muligt at leje hele stueetagen til st\u00f8rre arrangementer, messer, samt receptioner til 100-250 personer. Vi hj\u00e6lper gerne med den \u00f8nskede forplejning. Alt teknisk udstyr er inkluderet, ligesom den bedst mulige service. Vil du vide mere, eller \u00f8nsker at booke et m\u00f8de, er du velkommen til at kontakte os nedenfor. Du kan ogs\u00e5 bes\u00f8ge sider om vores steder, og f\u00e5 mere information om vores lokaler i Malm\u00f8 og Helsingborg.<\/span><\/p>\n<p>[\/et_pb_text][\/et_pb_column][\/et_pb_row][et_pb_row _builder_version=&#8221;4.24.0&#8243; _module_preset=&#8221;default&#8221; global_colors_info=&#8221;{}&#8221;][et_pb_column type=&#8221;4_4&#8243; _builder_version=&#8221;4.24.0&#8243; _module_preset=&#8221;default&#8221; global_colors_info=&#8221;{}&#8221;][et_pb_button button_url=&#8221;https:\/\/share-eu1.hsforms.com\/1i2pCUa4AR-CnYRo_alhlkwex39q&#8221; button_text=&#8221;Kontakte os&#8221; button_alignment=&#8221;center&#8221; _builder_version=&#8221;4.24.0&#8243; _module_preset=&#8221;default&#8221; custom_button=&#8221;on&#8221; button_bg_color=&#8221;#a54548&#8243; hover_enabled=&#8221;0&#8243; global_colors_info=&#8221;{}&#8221; sticky_enabled=&#8221;0&#8243;][\/et_pb_button][\/et_pb_column][\/et_pb_row][et_pb_row column_structure=&#8221;1_2,1_2&#8243; use_custom_gutter=&#8221;on&#8221; gutter_width=&#8221;2&#8243; _builder_version=&#8221;4.21.0&#8243; _module_preset=&#8221;default&#8221; global_colors_info=&#8221;{}&#8221;][et_pb_column type=&#8221;1_2&#8243; _builder_version=&#8221;4.18.0&#8243; _module_preset=&#8221;default&#8221; global_colors_info=&#8221;{}&#8221;][et_pb_image src=&#8221;https:\/\/mindpark.se\/wp-content\/uploads\/2023\/08\/Coworking-Helsingborg-1.jpg&#8221; title_text=&#8221;Coworking-Helsingborg-1&#8243; _builder_version=&#8221;4.24.0&#8243; _module_preset=&#8221;default&#8221; global_colors_info=&#8221;{}&#8221;][\/et_pb_image][et_pb_blurb title=&#8221;Mindpark Hyllie&#8221; use_icon=&#8221;on&#8221; _builder_version=&#8221;4.24.0&#8243; _module_preset=&#8221;default&#8221; header_font_size=&#8221;24px&#8221; body_font=&#8221;Montserrat||||||||&#8221; body_text_color=&#8221;#888888&#8243; body_font_size=&#8221;15px&#8221; body_line_height=&#8221;2em&#8221; global_colors_info=&#8221;{}&#8221;]<\/p>\n<p><span>Skal du arrangere et m\u00f8de, en konference eller en workshop? S\u00e5 er du kommet til det rette sted! Vores dynamiske milj\u00f8 skaber perfekte foruds\u00e6tninger for kreative og inspirerende m\u00f8der og events. Mindpark Hyllie har endda to st\u00f8rre eventomr\u00e5der, inklusive vores tagetage Rooftop med egen terrasse og en fantastisk udsigt. Perfekt til at skabe nye ideer og perspektiv. Mindpark Hyllie har den bedst mulige placering i Hyllie, kun 2 minutters gang fra Hyllie station.<\/span><\/p>\n<p>[\/et_pb_blurb][et_pb_button button_url=&#8221;https:\/\/mindpark.se\/konferens-malmo-hyllie\/&#8221; button_text=&#8221; L\u00e6s mere og book konference&#8221; _builder_version=&#8221;4.24.0&#8243; _module_preset=&#8221;default&#8221; custom_button=&#8221;on&#8221; button_text_size=&#8221;14px&#8221; button_text_color=&#8221;#FFFFFF&#8221; button_bg_color=&#8221;#a64649&#8243; button_border_width=&#8221;0px&#8221; button_border_radius=&#8221;3px&#8221; button_font=&#8221;Montserrat||||||||&#8221; global_colors_info=&#8221;{}&#8221;][\/et_pb_button][\/et_pb_column][et_pb_column type=&#8221;1_2&#8243; _builder_version=&#8221;4.18.0&#8243; _module_preset=&#8221;default&#8221; global_colors_info=&#8221;{}&#8221;][et_pb_image src=&#8221;https:\/\/mindpark.se\/wp-content\/uploads\/2023\/08\/Lediga-kontorslokaler-Helsingborg.jpg&#8221; title_text=&#8221;Lediga-kontorslokaler-Helsingborg&#8221; _builder_version=&#8221;4.24.0&#8243; _module_preset=&#8221;default&#8221; global_colors_info=&#8221;{}&#8221;][\/et_pb_image][et_pb_blurb title=&#8221;Mindpark Helsingborg&#8221; use_icon=&#8221;on&#8221; _builder_version=&#8221;4.24.0&#8243; _module_preset=&#8221;default&#8221; header_font_size=&#8221;24px&#8221; body_font=&#8221;Montserrat||||||||&#8221; body_text_color=&#8221;#888888&#8243; body_font_size=&#8221;15px&#8221; body_line_height=&#8221;2em&#8221; global_colors_info=&#8221;{}&#8221;]<\/p>\n<p><span>Skal du arrangere et m\u00f8de, en konference eller en workshop? I Mindpark Helsingborg findes der et dynamisk milj\u00f8, som garanterer dig et kreativt os inspirerende m\u00f8de. Her findes alt det, som du har brug for \u2013 br\u00e6ndstof til dig, f\u00f8rsteklasses service samt inspirerende og funktionelle m\u00f8delokaler. Mindpark Helsingborg findes kun 5 minutters g\u00e5tur fra Helsingborgs togstation og tilbyder endda parkeringsmuligheder p\u00e5 den anden side af gaden.\u00a0<\/span><\/p>\n<p>[\/et_pb_blurb][et_pb_button button_url=&#8221;https:\/\/mindpark.se\/konferens-helsingborg\/&#8221; button_text=&#8221; L\u00e6s mere og book konference&#8221; _builder_version=&#8221;4.24.0&#8243; _module_preset=&#8221;default&#8221; custom_button=&#8221;on&#8221; button_text_size=&#8221;14px&#8221; button_text_color=&#8221;#FFFFFF&#8221; button_bg_color=&#8221;#a64649&#8243; button_border_width=&#8221;0px&#8221; button_border_radius=&#8221;3px&#8221; button_font=&#8221;Montserrat||||||||&#8221; global_colors_info=&#8221;{}&#8221;][\/et_pb_button][\/et_pb_column][\/et_pb_row][et_pb_row _builder_version=&#8221;4.20.2&#8243; _module_preset=&#8221;default&#8221; custom_padding=&#8221;||9px|||&#8221; global_colors_info=&#8221;{}&#8221;][et_pb_column type=&#8221;4_4&#8243; _builder_version=&#8221;4.20.2&#8243; _module_preset=&#8221;default&#8221; global_colors_info=&#8221;{}&#8221;][et_pb_text _builder_version=&#8221;4.24.0&#8243; text_font=&#8221;Montserrat|600|||||||&#8221; text_text_color=&#8221;#111111&#8243; text_font_size=&#8221;40px&#8221; text_letter_spacing=&#8221;-1px&#8221; text_line_height=&#8221;1em&#8221; header_font=&#8221;Rajdhani||||||||&#8221; header_text_color=&#8221;#323232&#8243; header_2_font=&#8221;Montserrat|600|||||||&#8221; header_2_text_color=&#8221;#323232&#8243; header_2_font_size=&#8221;32px&#8221; header_2_line_height=&#8221;0.9em&#8221; text_orientation=&#8221;center&#8221; custom_margin=&#8221;||9px|||&#8221; custom_margin_tablet=&#8221;||9px|||&#8221; custom_margin_phone=&#8221;60px||||false|false&#8221; custom_margin_last_edited=&#8221;on|phone&#8221; text_font_size_tablet=&#8221;30px&#8221; text_font_size_phone=&#8221;29px&#8221; text_font_size_last_edited=&#8221;on|phone&#8221; text_line_height_tablet=&#8221;1em&#8221; text_line_height_phone=&#8221;1.1em&#8221; text_line_height_last_edited=&#8221;on|phone&#8221; header_2_font_size_tablet=&#8221;32px&#8221; header_2_font_size_phone=&#8221;30px&#8221; header_2_font_size_last_edited=&#8221;on|phone&#8221; global_colors_info=&#8221;{}&#8221;]<\/p>\n<h2>Book m\u00f8delokale<\/h2>\n<p>[\/et_pb_text][et_pb_text _builder_version=&#8221;4.24.0&#8243; text_font=&#8221;Montserrat||||||||&#8221; text_text_color=&#8221;#888888&#8243; text_font_size=&#8221;15px&#8221; text_line_height=&#8221;2em&#8221; text_orientation=&#8221;center&#8221; width=&#8221;100%&#8221; custom_margin=&#8221;3px||||false|false&#8221; custom_margin_tablet=&#8221;-10px||||false|false&#8221; custom_margin_phone=&#8221;-10px||||false|false&#8221; custom_margin_last_edited=&#8221;on|phone&#8221; global_colors_info=&#8221;{}&#8221;]<\/p>\n<p><span>M\u00f8de- og konferencelokaler i forskellige st\u00f8rrelser p\u00e5 perfekte steder. Alt teknisk udstyr er altid inkluderet, ligesom den bedst mulige service. \u00d8nsker du mad eller forfriskninger til dit m\u00f8de, l\u00f8ser vi det. Klik ind p\u00e5 den respektive placering ovenfor for at l\u00e6se mere om vores m\u00f8de- og konferencelokaler og book din n\u00e6ste konference i Malm\u00f6 Hyllie eller Helsingborg.<\/span><\/p>\n<p>[\/et_pb_text][\/et_pb_column][\/et_pb_row][\/et_pb_section][et_pb_section fb_built=&#8221;1&#8243; _builder_version=&#8221;4.16&#8243; custom_padding=&#8221;0px||0px||true|false&#8221; global_colors_info=&#8221;{}&#8221;][et_pb_row column_structure=&#8221;1_3,2_3&#8243; use_custom_gutter=&#8221;on&#8221; gutter_width=&#8221;1&#8243; make_equal=&#8221;on&#8221; custom_padding_last_edited=&#8221;on|phone&#8221; _builder_version=&#8221;4.23.1&#8243; width=&#8221;100%&#8221; max_width=&#8221;100%&#8221; max_height=&#8221;450px&#8221; custom_padding=&#8221;0px||0px||true|false&#8221; custom_padding_tablet=&#8221;0px||0px||true|false&#8221; custom_padding_phone=&#8221;||||true|false&#8221; global_colors_info=&#8221;{}&#8221;][et_pb_column type=&#8221;1_3&#8243; disabled_on=&#8221;on|off|off&#8221; _builder_version=&#8221;4.23.1&#8243; background_image=&#8221;https:\/\/mindpark.se\/wp-content\/uploads\/2023\/12\/homepage_700x500px-1.jpg&#8221; global_colors_info=&#8221;{}&#8221;][et_pb_divider show_divider=&#8221;off&#8221; disabled_on=&#8221;off|off|on&#8221; _builder_version=&#8221;4.16&#8243; custom_padding=&#8221;40%||40%||true|false&#8221; global_colors_info=&#8221;{}&#8221;][\/et_pb_divider][\/et_pb_column][et_pb_column type=&#8221;2_3&#8243; _builder_version=&#8221;4.21.0&#8243; background_color=&#8221;#a64649&#8243; custom_padding=&#8221;10vh|15vh|19vh|15vh|false|true&#8221; custom_padding_tablet=&#8221;100px|100px|100px|100px|true|true&#8221; custom_padding_phone=&#8221;60px|30px|60px|30px|true|true&#8221; custom_padding_last_edited=&#8221;on|phone&#8221; global_colors_info=&#8221;{}&#8221;][et_pb_slider _builder_version=&#8221;4.22.1&#8243; _module_preset=&#8221;default&#8221; body_text_color=&#8221;#FFFFFF&#8221; custom_margin=&#8221;||||false|false&#8221; custom_margin_tablet=&#8221;-110px||||false|false&#8221; custom_margin_phone=&#8221;0px||50px||false|false&#8221; custom_margin_last_edited=&#8221;on|desktop&#8221; custom_padding=&#8221;13px|||||&#8221; auto=&#8221;on&#8221; global_colors_info=&#8221;{}&#8221;][et_pb_slide _builder_version=&#8221;4.22.1&#8243; _module_preset=&#8221;default&#8221; body_text_color=&#8221;#FFFFFF&#8221; body_font_size=&#8221;23px&#8221; background_color=&#8221;RGBA(255,255,255,0)&#8221; background_enable_color=&#8221;on&#8221; global_colors_info=&#8221;{}&#8221; sticky_transition=&#8221;on&#8221;]<\/p>\n<p>\u201cStora fr\u00e4scha lokaler med en bred teknisk upps\u00e4ttning. L\u00e4get i Lund \u00e4r perfekt f\u00f6r att hinna f\u00e5 en k\u00e4nsla av staden under tiden. Lokalerna \u00e4r fr\u00e4scha och v\u00e4l anpassade b\u00e5de f\u00f6r det stora och lilla m\u00f6tet. Ett stort plus \u00e4r att det finns m\u00e4ngder av telefonb\u00e5s, s\u00e5 m\u00f6jligheterna f\u00f6r att snabbt m\u00f6te mitt i konferensen \u00e4r goda. Dessutom \u00e4r fikat dunder!\u201d<br \/><strong><\/strong><\/p>\n<p><strong>Kuratorskollegiet<\/strong><\/p>\n<p>[\/et_pb_slide][et_pb_slide _builder_version=&#8221;4.22.1&#8243; _module_preset=&#8221;default&#8221; header_text_color=&#8221;#000000&#8243; body_text_color=&#8221;#FFFFFF&#8221; body_font_size=&#8221;23px&#8221; background_color=&#8221;RGBA(255,255,255,0)&#8221; background_enable_color=&#8221;on&#8221; global_colors_info=&#8221;{}&#8221; sticky_transition=&#8221;on&#8221;]<\/p>\n<p>\u201cMindpark \u00e4r en kreativ, sp\u00e4nnande och v\u00e4lkomnande milj\u00f6 f\u00f6r v\u00e5ra konferenser. Vi f\u00e5r alltid ett v\u00e4ldigt bra bem\u00f6tande av personalen som tillm\u00f6tesg\u00e5r v\u00e5ra behov. Den \u00f6ppna ytan \u00e4r v\u00e4ldigt anv\u00e4ndbar f\u00f6r gruppdiskussioner samt f\u00f6r fika och lunch. Mindpark i Helsingborg \u00e4r verkligen en unik plats!\u201d<\/p>\n<p><strong>Anna Rydberg, projektledare Familjen Helsingborg<\/strong><\/p>\n<p>[\/et_pb_slide][et_pb_slide _builder_version=&#8221;4.22.1&#8243; _module_preset=&#8221;default&#8221; header_text_color=&#8221;#000000&#8243; body_text_color=&#8221;#FFFFFF&#8221; body_font_size=&#8221;23px&#8221; background_color=&#8221;RGBA(255,255,255,0)&#8221; background_enable_color=&#8221;on&#8221; global_colors_info=&#8221;{}&#8221; sticky_transition=&#8221;on&#8221;]<\/p>\n<p>&#8221;F\u00f6r att fullt ut kunna fokusera p\u00e5 en speciell uppgift och koppla ifr\u00e5n det dagliga arbetet \u00e4r det mycket god hj\u00e4lp att ibland vara offsite. Vi brukar anv\u00e4nda Mindpark f\u00f6r att det \u00e4r enkelt och de ordnar allt vi beh\u00f6ver p\u00e5 ett och samma st\u00e4lle. Trevliga lokaler, utrustning f\u00f6r presentationer och b\u00e5de fika och lunch.&#8221;<\/p>\n<p><strong>Timmy Hammenhag, BorgWarnerSweden AB<\/strong><\/p>\n<p>[\/et_pb_slide][\/et_pb_slider][\/et_pb_column][\/et_pb_row][et_pb_row column_structure=&#8221;2_5,3_5&#8243; use_custom_gutter=&#8221;on&#8221; gutter_width=&#8221;1&#8243; make_equal=&#8221;on&#8221; custom_padding_last_edited=&#8221;on|phone&#8221; _builder_version=&#8221;4.22.1&#8243; width=&#8221;100%&#8221; max_width=&#8221;100%&#8221; custom_padding=&#8221;0px||0px||true|false&#8221; custom_padding_tablet=&#8221;0px||0px||true|false&#8221; custom_padding_phone=&#8221;||||true|false&#8221; global_colors_info=&#8221;{}&#8221;][et_pb_column type=&#8221;2_5&#8243; _builder_version=&#8221;4.20.4&#8243; background_color=&#8221;#fce3ea&#8221; custom_padding=&#8221;10vh|15vh|19vh|15vh|false|true&#8221; custom_padding_tablet=&#8221;100px|100px|100px|100px|true|true&#8221; custom_padding_phone=&#8221;60px|30px|60px|30px|true|true&#8221; custom_padding_last_edited=&#8221;on|phone&#8221; global_colors_info=&#8221;{}&#8221;][et_pb_text admin_label=&#8221;Helsingborg&#8221; _builder_version=&#8221;4.24.0&#8243; text_font=&#8221;Montserrat|600|||||||&#8221; text_text_color=&#8221;#111111&#8243; text_font_size=&#8221;46px&#8221; text_letter_spacing=&#8221;-1px&#8221; text_line_height=&#8221;1em&#8221; header_font=&#8221;Rajdhani||||||||&#8221; header_text_color=&#8221;#323232&#8243; header_2_font=&#8221;Montserrat|600|||||||&#8221; header_2_text_color=&#8221;#323232&#8243; header_2_font_size=&#8221;32px&#8221; header_2_line_height=&#8221;0.9em&#8221; custom_margin=&#8221;||||false|false&#8221; custom_padding=&#8221;||4px|||&#8221; link_option_url=&#8221;https:\/\/mindpark.se\/ag-stallet\/&#8221; text_font_size_tablet=&#8221;&#8221; text_font_size_phone=&#8221;20px&#8221; text_font_size_last_edited=&#8221;on|phone&#8221; header_2_font_size_tablet=&#8221;&#8221; header_2_font_size_phone=&#8221;30px&#8221; header_2_font_size_last_edited=&#8221;on|phone&#8221; global_colors_info=&#8221;{}&#8221;]<\/p>\n<h2 style=\"text-align: center;\">Dit eget sted<\/h2>\n<p>[\/et_pb_text][et_pb_text _builder_version=&#8221;4.20.4&#8243; text_font=&#8221;Montserrat|600|||||||&#8221; text_text_color=&#8221;#111111&#8243; text_font_size=&#8221;46px&#8221; text_letter_spacing=&#8221;-1px&#8221; text_line_height=&#8221;1em&#8221; header_font=&#8221;Rajdhani||||||||&#8221; header_2_font=&#8221;Raleway|300|||||||&#8221; header_2_text_color=&#8221;#555555&#8243; header_2_font_size=&#8221;20px&#8221; header_2_line_height=&#8221;0.9em&#8221; custom_margin=&#8221;||||false|false&#8221; text_font_size_tablet=&#8221;&#8221; text_font_size_phone=&#8221;20px&#8221; text_font_size_last_edited=&#8221;on|phone&#8221; header_2_font_size_tablet=&#8221;&#8221; header_2_font_size_phone=&#8221;30px&#8221; header_2_font_size_last_edited=&#8221;on|phone&#8221; global_colors_info=&#8221;{}&#8221;]<\/p>\n<h2 style=\"text-align: center\"><span>\u00a0&#8211; Mindpark &#8211;\u00a0<\/span><\/h2>\n<p>[\/et_pb_text][et_pb_text _builder_version=&#8221;4.24.0&#8243; text_font=&#8221;||||||||&#8221; text_text_color=&#8221;#555555&#8243; text_font_size=&#8221;18px&#8221; text_line_height=&#8221;28px&#8221; custom_margin=&#8221;10px||||false|false&#8221; custom_padding=&#8221;||17px|||&#8221; global_colors_info=&#8221;{}&#8221;]<\/p>\n<p style=\"text-align: center;\"><span>I Mindpark i Malm\u00f8 Hyllie, Helsingborg samt G\u00f6teborg kan du f\u00e5 dit eget sted. Fleksible og inspirerende omgivelser giver mulighed for en r\u00e6kke forskellige events \u2013 stand up, modeopvisning\/catwalk, hackaton eller store konferencer. Kom med din ide, s\u00e5 skaber vi et uforglemmeligt event sammen.<\/span><\/p>\n<p>[\/et_pb_text][et_pb_button button_url=&#8221;https:\/\/mindpark.se\/ag-stallet\/&#8221; button_text=&#8221; L\u00e6s mere&#8221; button_alignment=&#8221;center&#8221; _builder_version=&#8221;4.24.0&#8243; custom_button=&#8221;on&#8221; button_text_size=&#8221;14px&#8221; button_text_color=&#8221;#FFFFFF&#8221; button_bg_color=&#8221;#a64649&#8243; button_border_width=&#8221;0px&#8221; button_border_radius=&#8221;3px&#8221; button_font=&#8221;Montserrat||||||||&#8221; global_colors_info=&#8221;{}&#8221;][\/et_pb_button][\/et_pb_column][et_pb_column type=&#8221;3_5&#8243; disabled_on=&#8221;on|off|off&#8221; _builder_version=&#8221;4.21.0&#8243; background_image=&#8221;https:\/\/mindpark.se\/wp-content\/uploads\/2023\/08\/Boka-konferens-och-event-Mindpark.jpg&#8221; global_colors_info=&#8221;{}&#8221;][et_pb_divider show_divider=&#8221;off&#8221; disabled_on=&#8221;off|off|on&#8221; _builder_version=&#8221;4.16&#8243; custom_padding=&#8221;18.6%||18.6%||true|false&#8221; global_colors_info=&#8221;{}&#8221;][\/et_pb_divider][\/et_pb_column][\/et_pb_row][\/et_pb_section]<\/p>\n","protected":false},"excerpt":{"rendered":"<p>Konferencelokaler i SverigeForskellige m\u00f8de- og konferencelokaler centralt i Sk\u00e5ne, n\u00e6r K\u00f8benhavn og Helsing\u00f8r. Vi tilbyder konferencelokaler i den aktive bydel Hyllie i Malm\u00f8, t\u00e6t p\u00e5 Emporia og \u00d8resundsbroen. Mindpark Helsingborg [&hellip;]<\/p>\n","protected":false},"author":5,"featured_media":0,"parent":0,"menu_order":0,"comment_status":"closed","ping_status":"closed","template":"","meta":{"_et_pb_use_builder":"on","_et_pb_old_content":"","_et_gb_content_width":"","footnotes":""},"class_list":["post-234307","page","type-page","status-publish","hentry"],"yoast_head":"<!-- This site is optimized with the Yoast SEO plugin v27.5 - https:\/\/yoast.com\/product\/yoast-seo-wordpress\/ -->\n<title>Mindpark Konference - Mindpark<\/title>\n<meta name=\"description\" content=\"Skal du anordna konference? Book en konferencelokale hos os i Malm\u00f8 eller Helsingborg. Vi klarer resten.\" \/>\n<meta name=\"robots\" content=\"index, follow, max-snippet:-1, max-image-preview:large, max-video-preview:-1\" \/>\n<link rel=\"canonical\" href=\"https:\/\/mindpark.se\/en\/da-konference\/\" \/>\n<meta property=\"og:locale\" content=\"en_US\" \/>\n<meta property=\"og:type\" content=\"article\" \/>\n<meta property=\"og:title\" content=\"Mindpark Konference - Mindpark\" \/>\n<meta property=\"og:description\" content=\"Skal du anordna konference? Book en konferencelokale hos os i Malm\u00f8 eller Helsingborg. Vi klarer resten.\" \/>\n<meta property=\"og:url\" content=\"https:\/\/mindpark.se\/en\/da-konference\/\" \/>\n<meta property=\"og:site_name\" content=\"Mindpark\" \/>\n<meta property=\"article:modified_time\" content=\"2024-02-02T09:44:29+00:00\" \/>\n<meta name=\"twitter:card\" content=\"summary_large_image\" \/>\n<meta name=\"twitter:label1\" content=\"Est. reading time\" \/>\n\t<meta name=\"twitter:data1\" content=\"4 minutes\" \/>\n<script type=\"application\/ld+json\" class=\"yoast-schema-graph\">{\"@context\":\"https:\\\/\\\/schema.org\",\"@graph\":[{\"@type\":\"WebPage\",\"@id\":\"https:\\\/\\\/mindpark.se\\\/da-konference\\\/\",\"url\":\"https:\\\/\\\/mindpark.se\\\/da-konference\\\/\",\"name\":\"Mindpark Konference - Mindpark\",\"isPartOf\":{\"@id\":\"https:\\\/\\\/mindpark.se\\\/#website\"},\"datePublished\":\"2024-01-30T10:19:56+00:00\",\"dateModified\":\"2024-02-02T09:44:29+00:00\",\"description\":\"Skal du anordna konference? Book en konferencelokale hos os i Malm\u00f8 eller Helsingborg. Vi klarer resten.\",\"breadcrumb\":{\"@id\":\"https:\\\/\\\/mindpark.se\\\/da-konference\\\/#breadcrumb\"},\"inLanguage\":\"en-US\",\"potentialAction\":[{\"@type\":\"ReadAction\",\"target\":[\"https:\\\/\\\/mindpark.se\\\/da-konference\\\/\"]}]},{\"@type\":\"BreadcrumbList\",\"@id\":\"https:\\\/\\\/mindpark.se\\\/da-konference\\\/#breadcrumb\",\"itemListElement\":[{\"@type\":\"ListItem\",\"position\":1,\"name\":\"Home\",\"item\":\"https:\\\/\\\/mindpark.se\\\/\"},{\"@type\":\"ListItem\",\"position\":2,\"name\":\"Mindpark Konference\"}]},{\"@type\":\"WebSite\",\"@id\":\"https:\\\/\\\/mindpark.se\\\/#website\",\"url\":\"https:\\\/\\\/mindpark.se\\\/\",\"name\":\"Mindpark\",\"description\":\"\",\"potentialAction\":[{\"@type\":\"SearchAction\",\"target\":{\"@type\":\"EntryPoint\",\"urlTemplate\":\"https:\\\/\\\/mindpark.se\\\/?s={search_term_string}\"},\"query-input\":{\"@type\":\"PropertyValueSpecification\",\"valueRequired\":true,\"valueName\":\"search_term_string\"}}],\"inLanguage\":\"en-US\"}]}<\/script>\n<!-- \/ Yoast SEO plugin. -->","yoast_head_json":{"title":"Mindpark Konference - Mindpark","description":"Skal du anordna konference? Book en konferencelokale hos os i Malm\u00f8 eller Helsingborg. Vi klarer resten.","robots":{"index":"index","follow":"follow","max-snippet":"max-snippet:-1","max-image-preview":"max-image-preview:large","max-video-preview":"max-video-preview:-1"},"canonical":"https:\/\/mindpark.se\/en\/da-konference\/","og_locale":"en_US","og_type":"article","og_title":"Mindpark Konference - Mindpark","og_description":"Skal du anordna konference? Book en konferencelokale hos os i Malm\u00f8 eller Helsingborg. Vi klarer resten.","og_url":"https:\/\/mindpark.se\/en\/da-konference\/","og_site_name":"Mindpark","article_modified_time":"2024-02-02T09:44:29+00:00","twitter_card":"summary_large_image","twitter_misc":{"Est. reading time":"4 minutes"},"schema":{"@context":"https:\/\/schema.org","@graph":[{"@type":"WebPage","@id":"https:\/\/mindpark.se\/da-konference\/","url":"https:\/\/mindpark.se\/da-konference\/","name":"Mindpark Konference - Mindpark","isPartOf":{"@id":"https:\/\/mindpark.se\/#website"},"datePublished":"2024-01-30T10:19:56+00:00","dateModified":"2024-02-02T09:44:29+00:00","description":"Skal du anordna konference? Book en konferencelokale hos os i Malm\u00f8 eller Helsingborg. Vi klarer resten.","breadcrumb":{"@id":"https:\/\/mindpark.se\/da-konference\/#breadcrumb"},"inLanguage":"en-US","potentialAction":[{"@type":"ReadAction","target":["https:\/\/mindpark.se\/da-konference\/"]}]},{"@type":"BreadcrumbList","@id":"https:\/\/mindpark.se\/da-konference\/#breadcrumb","itemListElement":[{"@type":"ListItem","position":1,"name":"Home","item":"https:\/\/mindpark.se\/"},{"@type":"ListItem","position":2,"name":"Mindpark Konference"}]},{"@type":"WebSite","@id":"https:\/\/mindpark.se\/#website","url":"https:\/\/mindpark.se\/","name":"Mindpark","description":"","potentialAction":[{"@type":"SearchAction","target":{"@type":"EntryPoint","urlTemplate":"https:\/\/mindpark.se\/?s={search_term_string}"},"query-input":{"@type":"PropertyValueSpecification","valueRequired":true,"valueName":"search_term_string"}}],"inLanguage":"en-US"}]}},"_links":{"self":[{"href":"https:\/\/mindpark.se\/en\/wp-json\/wp\/v2\/pages\/234307","targetHints":{"allow":["GET"]}}],"collection":[{"href":"https:\/\/mindpark.se\/en\/wp-json\/wp\/v2\/pages"}],"about":[{"href":"https:\/\/mindpark.se\/en\/wp-json\/wp\/v2\/types\/page"}],"author":[{"embeddable":true,"href":"https:\/\/mindpark.se\/en\/wp-json\/wp\/v2\/users\/5"}],"replies":[{"embeddable":true,"href":"https:\/\/mindpark.se\/en\/wp-json\/wp\/v2\/comments?post=234307"}],"version-history":[{"count":12,"href":"https:\/\/mindpark.se\/en\/wp-json\/wp\/v2\/pages\/234307\/revisions"}],"predecessor-version":[{"id":234327,"href":"https:\/\/mindpark.se\/en\/wp-json\/wp\/v2\/pages\/234307\/revisions\/234327"}],"wp:attachment":[{"href":"https:\/\/mindpark.se\/en\/wp-json\/wp\/v2\/media?parent=234307"}],"curies":[{"name":"wp","href":"https:\/\/api.w.org\/{rel}","templated":true}]}}